{"id":2317,"date":"2024-10-01T10:42:01","date_gmt":"2024-10-01T14:42:01","guid":{"rendered":"https:\/\/citylabbiobio.cl\/new-team\/"},"modified":"2025-02-04T10:40:58","modified_gmt":"2025-02-04T14:40:58","slug":"new-team","status":"publish","type":"page","link":"https:\/\/citylabbiobio.cl\/en\/new-team\/","title":{"rendered":"New team"},"content":{"rendered":"<p><div class=\"fusion-fullwidth fullwidth-box fusion-builder-row-1 fusion-flex-container has-pattern-background has-mask-background hundred-percent-fullwidth non-hundred-percent-height-scrolling\" style=\"--awb-border-radius-top-left:0px;--awb-border-radius-top-right:0px;--awb-border-radius-bottom-right:0px;--awb-border-radius-bottom-left:0px;--awb-padding-right:0px;--awb-padding-left:0px;--awb-margin-top:35px;--awb-flex-wrap:wrap;\" ><div class=\"fusion-builder-row fusion-row fusion-flex-align-items-flex-start fusion-flex-content-wrap\" style=\"width:104% !important;max-width:104% !important;margin-left: calc(-4% \/ 2 );margin-right: calc(-4% \/ 2 );\"><div class=\"fusion-layout-column fusion_builder_column fusion-builder-column-0 fusion_builder_column_1_1 1_1 fusion-flex-column\" style=\"--awb-bg-size:cover;--awb-width-large:100%;--awb-margin-top-large:0px;--awb-spacing-right-large:0px;--awb-margin-bottom-large:20px;--awb-spacing-left-large:0px;--awb-width-medium:100%;--awb-order-medium:0;--awb-spacing-right-medium:0px;--awb-spacing-left-medium:0px;--awb-width-small:100%;--awb-order-small:0;--awb-spacing-right-small:1.92%;--awb-spacing-left-small:1.92%;\" data-scroll-devices=\"small-visibility,medium-visibility,large-visibility\"><div class=\"fusion-column-wrapper fusion-column-has-shadow fusion-flex-justify-content-flex-start fusion-content-layout-column\"><div class=\"fusion-image-element \" style=\"--awb-caption-title-font-family:var(--h2_typography-font-family);--awb-caption-title-font-weight:var(--h2_typography-font-weight);--awb-caption-title-font-style:var(--h2_typography-font-style);--awb-caption-title-size:var(--h2_typography-font-size);--awb-caption-title-transform:var(--h2_typography-text-transform);--awb-caption-title-line-height:var(--h2_typography-line-height);--awb-caption-title-letter-spacing:var(--h2_typography-letter-spacing);\"><span class=\" fusion-imageframe imageframe-none imageframe-1 hover-type-none\"><img decoding=\"async\" width=\"1400\" height=\"788\" src=\"https:\/\/d26q11cgz8q0ri.cloudfront.net\/2024\/10\/21112342\/Team_web.jpg\" alt class=\"img-responsive wp-image-2164\" srcset=\"https:\/\/d26q11cgz8q0ri.cloudfront.net\/2024\/10\/21112342\/Team_web-200x113.jpg 200w, https:\/\/d26q11cgz8q0ri.cloudfront.net\/2024\/10\/21112342\/Team_web-400x225.jpg 400w, https:\/\/d26q11cgz8q0ri.cloudfront.net\/2024\/10\/21112342\/Team_web-600x338.jpg 600w, https:\/\/d26q11cgz8q0ri.cloudfront.net\/2024\/10\/21112342\/Team_web-800x450.jpg 800w, https:\/\/d26q11cgz8q0ri.cloudfront.net\/2024\/10\/21112342\/Team_web-1200x675.jpg 1200w, https:\/\/d26q11cgz8q0ri.cloudfront.net\/2024\/10\/21112342\/Team_web.jpg 1400w\" sizes=\"(max-width: 640px) 100vw, 1400px\" \/><\/span><\/div><\/div><\/div><\/div><\/div><div class=\"fusion-fullwidth fullwidth-box fusion-builder-row-2 fusion-flex-container has-pattern-background has-mask-background nonhundred-percent-fullwidth non-hundred-percent-height-scrolling\" style=\"--awb-border-radius-top-left:0px;--awb-border-radius-top-right:0px;--awb-border-radius-bottom-right:0px;--awb-border-radius-bottom-left:0px;--awb-margin-top:30px;--awb-flex-wrap:wrap;\" ><div class=\"fusion-builder-row fusion-row fusion-flex-align-items-flex-start fusion-flex-content-wrap\" style=\"max-width:1248px;margin-left: calc(-4% \/ 2 );margin-right: calc(-4% \/ 2 );\"><div class=\"fusion-layout-column fusion_builder_column fusion-builder-column-1 fusion_builder_column_1_3 1_3 fusion-flex-column fusion-animated\" style=\"--awb-bg-size:cover;--awb-width-large:33.333333333333%;--awb-margin-top-large:0px;--awb-spacing-right-large:5.76%;--awb-margin-bottom-large:20px;--awb-spacing-left-large:5.76%;--awb-width-medium:33.333333333333%;--awb-order-medium:0;--awb-spacing-right-medium:5.76%;--awb-spacing-left-medium:5.76%;--awb-width-small:100%;--awb-order-small:0;--awb-spacing-right-small:1.92%;--awb-spacing-left-small:1.92%;\" data-animationType=\"fadeInUp\" data-animationDuration=\"0.3\" data-animationOffset=\"top-into-view\" data-scroll-devices=\"small-visibility,medium-visibility,large-visibility\"><div class=\"fusion-column-wrapper fusion-column-has-shadow fusion-flex-justify-content-flex-start fusion-content-layout-column\"><div class=\"fusion-image-element \" style=\"--awb-margin-bottom:20px;--awb-max-width:250px;--awb-caption-title-font-family:var(--h2_typography-font-family);--awb-caption-title-font-weight:var(--h2_typography-font-weight);--awb-caption-title-font-style:var(--h2_typography-font-style);--awb-caption-title-size:var(--h2_typography-font-size);--awb-caption-title-transform:var(--h2_typography-text-transform);--awb-caption-title-line-height:var(--h2_typography-line-height);--awb-caption-title-letter-spacing:var(--h2_typography-letter-spacing);\"><span class=\" fusion-imageframe imageframe-none imageframe-2 hover-type-none\"><img decoding=\"async\" width=\"500\" height=\"500\" src=\"https:\/\/d26q11cgz8q0ri.cloudfront.net\/2024\/10\/21112415\/CityLab_FotosEquipo-3.png\" alt class=\"img-responsive wp-image-2156\" srcset=\"https:\/\/d26q11cgz8q0ri.cloudfront.net\/2024\/10\/21112415\/CityLab_FotosEquipo-3-200x200.png 200w, https:\/\/d26q11cgz8q0ri.cloudfront.net\/2024\/10\/21112415\/CityLab_FotosEquipo-3-400x400.png 400w, https:\/\/d26q11cgz8q0ri.cloudfront.net\/2024\/10\/21112415\/CityLab_FotosEquipo-3.png 500w\" sizes=\"(max-width: 640px) 100vw, 400px\" \/><\/span><\/div><div class=\"fusion-title title fusion-title-1 sep-underline sep-dashed fusion-title-text fusion-title-size-five\" style=\"--awb-margin-top-small:10px;--awb-margin-right-small:0px;--awb-margin-bottom-small:10px;--awb-margin-left-small:0px;--awb-sep-color:var(--awb-color4);--awb-font-size:22px;\"><h5 class=\"fusion-title-heading title-heading-left\" style=\"font-family:&quot;DobraSlab-Book&quot;;font-style:normal;font-weight:400;margin:0;font-size:1em;\"><p><strong>Fernando P\u00e9rez<\/strong><br \/>\n<span style=\"color: #808080; font-size: 18px;\">Principal Director<\/span><\/p><\/h5><\/div><div class=\"fusion-text fusion-text-1\"><p>Architect from the Universidad Diego Portales and Master in Urban Design and City Planning from the University of London. With experience in the development of projects associated with the MINVU Public Spaces Program, in the regions of Arica, Araucan\u00eda, and Magallanes. He advised municipalities and institutions on issues associated with territorial planning instruments. His areas of interest are innovation in the processes of management, planning and urban design, and the implementation of new technologies in citizen participation processes.<\/p>\n<\/div><\/div><\/div><div class=\"fusion-layout-column fusion_builder_column fusion-builder-column-2 fusion_builder_column_1_3 1_3 fusion-flex-column fusion-animated\" style=\"--awb-bg-size:cover;--awb-width-large:33.333333333333%;--awb-margin-top-large:0px;--awb-spacing-right-large:5.76%;--awb-margin-bottom-large:20px;--awb-spacing-left-large:5.76%;--awb-width-medium:33.333333333333%;--awb-order-medium:0;--awb-spacing-right-medium:5.76%;--awb-spacing-left-medium:5.76%;--awb-width-small:100%;--awb-order-small:0;--awb-spacing-right-small:1.92%;--awb-spacing-left-small:1.92%;\" data-animationType=\"fadeInUp\" data-animationDuration=\"0.3\" data-animationDelay=\"0.3\" data-animationOffset=\"top-into-view\" data-scroll-devices=\"small-visibility,medium-visibility,large-visibility\"><div class=\"fusion-column-wrapper fusion-column-has-shadow fusion-flex-justify-content-flex-start fusion-content-layout-column\"><div class=\"fusion-image-element \" style=\"--awb-margin-bottom:20px;--awb-max-width:250px;--awb-caption-title-font-family:var(--h2_typography-font-family);--awb-caption-title-font-weight:var(--h2_typography-font-weight);--awb-caption-title-font-style:var(--h2_typography-font-style);--awb-caption-title-size:var(--h2_typography-font-size);--awb-caption-title-transform:var(--h2_typography-text-transform);--awb-caption-title-line-height:var(--h2_typography-line-height);--awb-caption-title-letter-spacing:var(--h2_typography-letter-spacing);\"><span class=\" fusion-imageframe imageframe-none imageframe-3 hover-type-none\"><img decoding=\"async\" width=\"500\" height=\"500\" src=\"https:\/\/d26q11cgz8q0ri.cloudfront.net\/2024\/10\/21112418\/CityLab_FotosEquipo-2.png\" alt class=\"img-responsive wp-image-2155\" srcset=\"https:\/\/d26q11cgz8q0ri.cloudfront.net\/2024\/10\/21112418\/CityLab_FotosEquipo-2-200x200.png 200w, https:\/\/d26q11cgz8q0ri.cloudfront.net\/2024\/10\/21112418\/CityLab_FotosEquipo-2-400x400.png 400w, https:\/\/d26q11cgz8q0ri.cloudfront.net\/2024\/10\/21112418\/CityLab_FotosEquipo-2.png 500w\" sizes=\"(max-width: 640px) 100vw, 400px\" \/><\/span><\/div><div class=\"fusion-title title fusion-title-2 sep-underline sep-dashed fusion-title-text fusion-title-size-five\" style=\"--awb-margin-top-small:10px;--awb-margin-right-small:0px;--awb-margin-bottom-small:10px;--awb-margin-left-small:0px;--awb-sep-color:var(--awb-color4);--awb-font-size:22px;\"><h5 class=\"fusion-title-heading title-heading-left\" style=\"font-family:&quot;DobraSlab-Book&quot;;font-style:normal;font-weight:400;margin:0;font-size:1em;\"><p><strong>Juan Eduardo Garc\u00eda-Huidobro<\/strong><br \/>\n<span style=\"color: #808080; font-size: 18px;\">Communications Director<\/span><\/p><\/h5><\/div><div class=\"fusion-text fusion-text-2\"><p>Graphic Designer, specialist in Design Project Management from the Universidad de Buenos Aires, Diploma in Communication and Cultural Management from the Universidad de Chile. With experience in the development, planning, and direction of communication strategies for the promotion of plans and programs in the areas of infrastructure, climate change, and heritage. He was Head of Communications for the General Directorate of Public Works and director of tourism infrastructure design projects at GEQ and EY.<\/p>\n<\/div><\/div><\/div><div class=\"fusion-layout-column fusion_builder_column fusion-builder-column-3 fusion_builder_column_1_3 1_3 fusion-flex-column fusion-animated\" style=\"--awb-bg-size:cover;--awb-width-large:33.333333333333%;--awb-margin-top-large:0px;--awb-spacing-right-large:5.76%;--awb-margin-bottom-large:20px;--awb-spacing-left-large:5.76%;--awb-width-medium:33.333333333333%;--awb-order-medium:0;--awb-spacing-right-medium:5.76%;--awb-spacing-left-medium:5.76%;--awb-width-small:100%;--awb-order-small:0;--awb-spacing-right-small:1.92%;--awb-spacing-left-small:1.92%;\" data-animationType=\"fadeInUp\" data-animationDuration=\"0.3\" data-animationDelay=\"0.6\" data-animationOffset=\"top-into-view\" data-scroll-devices=\"small-visibility,medium-visibility,large-visibility\"><div class=\"fusion-column-wrapper fusion-column-has-shadow fusion-flex-justify-content-flex-start fusion-content-layout-column\"><div class=\"fusion-image-element \" style=\"--awb-margin-bottom:20px;--awb-max-width:250px;--awb-caption-title-font-family:var(--h2_typography-font-family);--awb-caption-title-font-weight:var(--h2_typography-font-weight);--awb-caption-title-font-style:var(--h2_typography-font-style);--awb-caption-title-size:var(--h2_typography-font-size);--awb-caption-title-transform:var(--h2_typography-text-transform);--awb-caption-title-line-height:var(--h2_typography-line-height);--awb-caption-title-letter-spacing:var(--h2_typography-letter-spacing);\"><span class=\" fusion-imageframe imageframe-none imageframe-4 hover-type-none\"><img decoding=\"async\" width=\"500\" height=\"500\" src=\"https:\/\/d26q11cgz8q0ri.cloudfront.net\/2024\/09\/21112918\/CityLab_FotosEquipo-1.png\" alt class=\"img-responsive wp-image-2121\" srcset=\"https:\/\/d26q11cgz8q0ri.cloudfront.net\/2024\/09\/21112918\/CityLab_FotosEquipo-1-200x200.png 200w, https:\/\/d26q11cgz8q0ri.cloudfront.net\/2024\/09\/21112918\/CityLab_FotosEquipo-1-400x400.png 400w, https:\/\/d26q11cgz8q0ri.cloudfront.net\/2024\/09\/21112918\/CityLab_FotosEquipo-1.png 500w\" sizes=\"(max-width: 640px) 100vw, 400px\" \/><\/span><\/div><div class=\"fusion-title title fusion-title-3 sep-underline sep-dashed fusion-title-text fusion-title-size-five\" style=\"--awb-margin-top-small:10px;--awb-margin-right-small:0px;--awb-margin-bottom-small:10px;--awb-margin-left-small:0px;--awb-sep-color:var(--awb-color4);--awb-font-size:22px;\"><h5 class=\"fusion-title-heading title-heading-left\" style=\"font-family:&quot;DobraSlab-Book&quot;;font-style:normal;font-weight:400;margin:0;font-size:1em;\"><p><strong>Marcela Mart\u00ednez<br \/>\n<\/strong><span style=\"color: #808080; font-size: 18px;\">Research Director<\/span><\/p><\/h5><\/div><div class=\"fusion-text fusion-text-3\"><p>Geographer from the Universidad de Concepci\u00f3n with a Master&#8217;s in Territorial Studies and Planning from the Universidad Aut\u00f3noma de Barcelona. She has extensive experience in the public sector, as an analyst of plans and programs for the SEREMI of Housing and Urbanism in Biob\u00edo, and in the Planning Secretariat of the Ministry of Transportation. She has also participated in research projects on inequalities in accessibility and urban mobility.<\/p>\n<\/div><\/div><\/div><div class=\"fusion-layout-column fusion_builder_column fusion-builder-column-4 fusion_builder_column_1_3 1_3 fusion-flex-column fusion-animated\" style=\"--awb-bg-size:cover;--awb-width-large:33.333333333333%;--awb-margin-top-large:0px;--awb-spacing-right-large:5.76%;--awb-margin-bottom-large:20px;--awb-spacing-left-large:5.76%;--awb-width-medium:33.333333333333%;--awb-order-medium:0;--awb-spacing-right-medium:5.76%;--awb-spacing-left-medium:5.76%;--awb-width-small:100%;--awb-order-small:0;--awb-spacing-right-small:1.92%;--awb-spacing-left-small:1.92%;\" data-animationType=\"fadeInUp\" data-animationDuration=\"0.3\" data-animationDelay=\"0.1\" data-animationOffset=\"top-into-view\" data-scroll-devices=\"small-visibility,medium-visibility,large-visibility\"><div class=\"fusion-column-wrapper fusion-column-has-shadow fusion-flex-justify-content-flex-start fusion-content-layout-column\"><div class=\"fusion-image-element \" style=\"--awb-margin-bottom:20px;--awb-max-width:250px;--awb-caption-title-font-family:var(--h2_typography-font-family);--awb-caption-title-font-weight:var(--h2_typography-font-weight);--awb-caption-title-font-style:var(--h2_typography-font-style);--awb-caption-title-size:var(--h2_typography-font-size);--awb-caption-title-transform:var(--h2_typography-text-transform);--awb-caption-title-line-height:var(--h2_typography-line-height);--awb-caption-title-letter-spacing:var(--h2_typography-letter-spacing);\"><span class=\" fusion-imageframe imageframe-none imageframe-5 hover-type-none\"><img decoding=\"async\" width=\"500\" height=\"500\" alt=\"Miguel \u00c1ngel Marzolo\" title=\"Miguel\" src=\"https:\/\/d26q11cgz8q0ri.cloudfront.net\/2024\/09\/21112937\/CityLab_FotosEquipo-7.png\" class=\"img-responsive wp-image-2118\" srcset=\"https:\/\/d26q11cgz8q0ri.cloudfront.net\/2024\/09\/21112937\/CityLab_FotosEquipo-7-200x200.png 200w, https:\/\/d26q11cgz8q0ri.cloudfront.net\/2024\/09\/21112937\/CityLab_FotosEquipo-7-400x400.png 400w, https:\/\/d26q11cgz8q0ri.cloudfront.net\/2024\/09\/21112937\/CityLab_FotosEquipo-7.png 500w\" sizes=\"(max-width: 640px) 100vw, 400px\" \/><\/span><\/div><div class=\"fusion-title title fusion-title-4 sep-underline sep-dashed fusion-title-text fusion-title-size-five\" style=\"--awb-margin-top-small:10px;--awb-margin-right-small:0px;--awb-margin-bottom-small:10px;--awb-margin-left-small:0px;--awb-sep-color:var(--awb-color4);--awb-font-size:22px;\"><h5 class=\"fusion-title-heading title-heading-left\" style=\"font-family:&quot;DobraSlab-Book&quot;;font-style:normal;font-weight:400;margin:0;font-size:1em;\"><strong>Miguel \u00c1ngel Marzolo<br \/>\n<\/strong><span style=\"color: #808080; font-size: 18px;\">Developmet Director<\/span><\/h5><\/div><div class=\"fusion-text fusion-text-4\"><p>Commercial Engineer, Diploma in Management in Health Institutions, application of Balanced Scorecard in Public Health, from the Universidad San Sebasti\u00e1n and MBA from the Universidad del Desarrollo. With experience in the implementation of innovative strategies and the adoption of effective tools for continuous improvement, in both public and private institutions. He served as Commercial Manager in companies in the IT industry, closely linked to the innovation and technology environment. He has also participated as Director and Advisor in the development of business models.<\/p>\n<\/div><\/div><\/div><div class=\"fusion-layout-column fusion_builder_column fusion-builder-column-5 fusion_builder_column_1_3 1_3 fusion-flex-column fusion-animated\" style=\"--awb-bg-size:cover;--awb-width-large:33.333333333333%;--awb-margin-top-large:0px;--awb-spacing-right-large:5.76%;--awb-margin-bottom-large:20px;--awb-spacing-left-large:5.76%;--awb-width-medium:33.333333333333%;--awb-order-medium:0;--awb-spacing-right-medium:5.76%;--awb-spacing-left-medium:5.76%;--awb-width-small:100%;--awb-order-small:0;--awb-spacing-right-small:1.92%;--awb-spacing-left-small:1.92%;\" data-animationType=\"fadeInUp\" data-animationDuration=\"0.3\" data-animationDelay=\"0.3\" data-animationOffset=\"top-into-view\" data-scroll-devices=\"small-visibility,medium-visibility,large-visibility\"><div class=\"fusion-column-wrapper fusion-column-has-shadow fusion-flex-justify-content-flex-start fusion-content-layout-column\"><div class=\"fusion-image-element \" style=\"--awb-margin-bottom:20px;--awb-max-width:250px;--awb-caption-title-font-family:var(--h2_typography-font-family);--awb-caption-title-font-weight:var(--h2_typography-font-weight);--awb-caption-title-font-style:var(--h2_typography-font-style);--awb-caption-title-size:var(--h2_typography-font-size);--awb-caption-title-transform:var(--h2_typography-text-transform);--awb-caption-title-line-height:var(--h2_typography-line-height);--awb-caption-title-letter-spacing:var(--h2_typography-letter-spacing);\"><span class=\" fusion-imageframe imageframe-none imageframe-6 hover-type-none\"><img decoding=\"async\" width=\"500\" height=\"500\" src=\"https:\/\/d26q11cgz8q0ri.cloudfront.net\/2024\/10\/21112411\/CityLab_FotosEquipo-5.png\" alt class=\"img-responsive wp-image-2157\" srcset=\"https:\/\/d26q11cgz8q0ri.cloudfront.net\/2024\/10\/21112411\/CityLab_FotosEquipo-5-200x200.png 200w, https:\/\/d26q11cgz8q0ri.cloudfront.net\/2024\/10\/21112411\/CityLab_FotosEquipo-5-400x400.png 400w, https:\/\/d26q11cgz8q0ri.cloudfront.net\/2024\/10\/21112411\/CityLab_FotosEquipo-5.png 500w\" sizes=\"(max-width: 640px) 100vw, 400px\" \/><\/span><\/div><div class=\"fusion-title title fusion-title-5 sep-underline sep-dashed fusion-title-text fusion-title-size-five\" style=\"--awb-margin-top-small:10px;--awb-margin-right-small:0px;--awb-margin-bottom-small:10px;--awb-margin-left-small:0px;--awb-sep-color:var(--awb-color4);--awb-font-size:22px;\"><h5 class=\"fusion-title-heading title-heading-left\" style=\"font-family:&quot;DobraSlab-Book&quot;;font-style:normal;font-weight:400;margin:0;font-size:1em;\"><p><strong>Helen de la Fuente<\/strong><br \/>\n<span style=\"color: #808080; font-size: 18px;\">Head of GIS and Data Management<\/span><\/p><\/h5><\/div><div class=\"fusion-text fusion-text-5\"><p>Geographer with a Master&#8217;s in Geomatics from the Universidad Nacional de La Plata. Throughout her professional career, she has worked processing and analyzing data for the development of indicators and diagnoses. With more than 10 years at the Center for Sustainable Urban Development, she has also been part of various scientific-technological research projects and non-profit organizations.<\/p>\n<\/div><\/div><\/div><div class=\"fusion-layout-column fusion_builder_column fusion-builder-column-6 fusion_builder_column_1_3 1_3 fusion-flex-column fusion-animated\" style=\"--awb-bg-size:cover;--awb-width-large:33.333333333333%;--awb-margin-top-large:0px;--awb-spacing-right-large:5.76%;--awb-margin-bottom-large:20px;--awb-spacing-left-large:5.76%;--awb-width-medium:33.333333333333%;--awb-order-medium:0;--awb-spacing-right-medium:5.76%;--awb-spacing-left-medium:5.76%;--awb-width-small:100%;--awb-order-small:0;--awb-spacing-right-small:1.92%;--awb-spacing-left-small:1.92%;\" data-animationType=\"fadeInUp\" data-animationDuration=\"0.3\" data-animationDelay=\"0.6\" data-animationOffset=\"top-into-view\" data-scroll-devices=\"small-visibility,medium-visibility,large-visibility\"><div class=\"fusion-column-wrapper fusion-column-has-shadow fusion-flex-justify-content-flex-start fusion-content-layout-column\"><div class=\"fusion-image-element \" style=\"--awb-margin-bottom:20px;--awb-max-width:250px;--awb-caption-title-font-family:var(--h2_typography-font-family);--awb-caption-title-font-weight:var(--h2_typography-font-weight);--awb-caption-title-font-style:var(--h2_typography-font-style);--awb-caption-title-size:var(--h2_typography-font-size);--awb-caption-title-transform:var(--h2_typography-text-transform);--awb-caption-title-line-height:var(--h2_typography-line-height);--awb-caption-title-letter-spacing:var(--h2_typography-letter-spacing);\"><span class=\" fusion-imageframe imageframe-none imageframe-7 hover-type-none\"><img decoding=\"async\" width=\"500\" height=\"500\" src=\"https:\/\/d26q11cgz8q0ri.cloudfront.net\/2024\/10\/21112407\/CityLab_FotosEquipo-6.png\" alt class=\"img-responsive wp-image-2158\" srcset=\"https:\/\/d26q11cgz8q0ri.cloudfront.net\/2024\/10\/21112407\/CityLab_FotosEquipo-6-200x200.png 200w, https:\/\/d26q11cgz8q0ri.cloudfront.net\/2024\/10\/21112407\/CityLab_FotosEquipo-6-400x400.png 400w, https:\/\/d26q11cgz8q0ri.cloudfront.net\/2024\/10\/21112407\/CityLab_FotosEquipo-6.png 500w\" sizes=\"(max-width: 640px) 100vw, 400px\" \/><\/span><\/div><div class=\"fusion-title title fusion-title-6 sep-underline sep-dashed fusion-title-text fusion-title-size-five\" style=\"--awb-margin-top-small:10px;--awb-margin-right-small:0px;--awb-margin-bottom-small:10px;--awb-margin-left-small:0px;--awb-sep-color:var(--awb-color4);--awb-font-size:22px;\"><h5 class=\"fusion-title-heading title-heading-left\" style=\"font-family:&quot;DobraSlab-Book&quot;;font-style:normal;font-weight:400;margin:0;font-size:1em;\"><strong>Diego Ram\u00edrez<\/strong><br \/>\n<span style=\"color: #808080; font-size: 18px;\">Head of Data Science<\/span><\/h5><\/div><div class=\"fusion-text fusion-text-6\"><p>Telecommunications Engineer and Master of Electrical Engineering from the Universidad de Concepci\u00f3n. He has worked in data analysis roles for decision-making in the telecommunications and mining industries. He has also taught classes as a professor at the Universidad de Concepci\u00f3n and the Universidad T\u00e9cnica Federico Santa Mar\u00eda, in the area of analysis and statistical data processing.<\/p>\n<\/div><\/div><\/div><div class=\"fusion-layout-column fusion_builder_column fusion-builder-column-7 fusion_builder_column_1_3 1_3 fusion-flex-column fusion-animated\" style=\"--awb-bg-size:cover;--awb-width-large:33.333333333333%;--awb-margin-top-large:0px;--awb-spacing-right-large:5.76%;--awb-margin-bottom-large:20px;--awb-spacing-left-large:5.76%;--awb-width-medium:33.333333333333%;--awb-order-medium:0;--awb-spacing-right-medium:5.76%;--awb-spacing-left-medium:5.76%;--awb-width-small:100%;--awb-order-small:0;--awb-spacing-right-small:1.92%;--awb-spacing-left-small:1.92%;\" data-animationType=\"fadeInUp\" data-animationDuration=\"0.3\" data-animationDelay=\"0.1\" data-animationOffset=\"top-into-view\" data-scroll-devices=\"small-visibility,medium-visibility,large-visibility\"><div class=\"fusion-column-wrapper fusion-column-has-shadow fusion-flex-justify-content-flex-start fusion-content-layout-column\"><div class=\"fusion-image-element \" style=\"--awb-margin-bottom:20px;--awb-max-width:250px;--awb-caption-title-font-family:var(--h2_typography-font-family);--awb-caption-title-font-weight:var(--h2_typography-font-weight);--awb-caption-title-font-style:var(--h2_typography-font-style);--awb-caption-title-size:var(--h2_typography-font-size);--awb-caption-title-transform:var(--h2_typography-text-transform);--awb-caption-title-line-height:var(--h2_typography-line-height);--awb-caption-title-letter-spacing:var(--h2_typography-letter-spacing);\"><span class=\" fusion-imageframe imageframe-none imageframe-8 hover-type-none\"><img decoding=\"async\" width=\"500\" height=\"500\" alt=\"Germ\u00e1n Fuentes\" src=\"https:\/\/d26q11cgz8q0ri.cloudfront.net\/2024\/10\/21112404\/CityLab_FotosEquipo-8.png\" class=\"img-responsive wp-image-2159\" srcset=\"https:\/\/d26q11cgz8q0ri.cloudfront.net\/2024\/10\/21112404\/CityLab_FotosEquipo-8-200x200.png 200w, https:\/\/d26q11cgz8q0ri.cloudfront.net\/2024\/10\/21112404\/CityLab_FotosEquipo-8-400x400.png 400w, https:\/\/d26q11cgz8q0ri.cloudfront.net\/2024\/10\/21112404\/CityLab_FotosEquipo-8.png 500w\" sizes=\"(max-width: 640px) 100vw, 400px\" \/><\/span><\/div><div class=\"fusion-title title fusion-title-7 sep-underline sep-dashed fusion-title-text fusion-title-size-five\" style=\"--awb-margin-top-small:10px;--awb-margin-right-small:0px;--awb-margin-bottom-small:10px;--awb-margin-left-small:0px;--awb-sep-color:var(--awb-color4);--awb-font-size:22px;\"><h5 class=\"fusion-title-heading title-heading-left\" style=\"font-family:&quot;DobraSlab-Book&quot;;font-style:normal;font-weight:400;margin:0;font-size:1em;\"><strong>Germ\u00e1n Fuentes<br \/>\n<\/strong><span style=\"color: #808080; font-size: 18px;\">Head of Communication and Digital Media<\/span><\/h5><\/div><div class=\"fusion-text fusion-text-7\"><p>Journalist from the Universidad de Concepci\u00f3n, with a Minor in Renewable Energies and Energy Efficiency. In his professional career through foundations, large industrial companies, and technological innovation projects, he has gained experience in strategic communications, internal communications, graphic design, photography, and documentary video. He also has a background in research in the field of communication and linguistics, presenting results at national and international conferences.<\/p>\n<\/div><\/div><\/div><div class=\"fusion-layout-column fusion_builder_column fusion-builder-column-8 fusion_builder_column_1_3 1_3 fusion-flex-column fusion-animated\" style=\"--awb-bg-size:cover;--awb-width-large:33.333333333333%;--awb-margin-top-large:0px;--awb-spacing-right-large:5.76%;--awb-margin-bottom-large:20px;--awb-spacing-left-large:5.76%;--awb-width-medium:33.333333333333%;--awb-order-medium:0;--awb-spacing-right-medium:5.76%;--awb-spacing-left-medium:5.76%;--awb-width-small:100%;--awb-order-small:0;--awb-spacing-right-small:1.92%;--awb-spacing-left-small:1.92%;\" data-animationType=\"fadeInUp\" data-animationDuration=\"0.3\" data-animationDelay=\"0.3\" data-animationOffset=\"top-into-view\" data-scroll-devices=\"small-visibility,medium-visibility,large-visibility\"><div class=\"fusion-column-wrapper fusion-column-has-shadow fusion-flex-justify-content-flex-start fusion-content-layout-column\"><div class=\"fusion-image-element \" style=\"--awb-margin-bottom:20px;--awb-max-width:250px;--awb-caption-title-font-family:var(--h2_typography-font-family);--awb-caption-title-font-weight:var(--h2_typography-font-weight);--awb-caption-title-font-style:var(--h2_typography-font-style);--awb-caption-title-size:var(--h2_typography-font-size);--awb-caption-title-transform:var(--h2_typography-text-transform);--awb-caption-title-line-height:var(--h2_typography-line-height);--awb-caption-title-letter-spacing:var(--h2_typography-letter-spacing);\"><span class=\" fusion-imageframe imageframe-none imageframe-9 hover-type-none\"><img decoding=\"async\" width=\"500\" height=\"500\" alt=\"Paula M\u00e9ndez\" src=\"https:\/\/d26q11cgz8q0ri.cloudfront.net\/2024\/10\/21112401\/CityLab_FotosEquipo-9.png\" class=\"img-responsive wp-image-2160\" srcset=\"https:\/\/d26q11cgz8q0ri.cloudfront.net\/2024\/10\/21112401\/CityLab_FotosEquipo-9-200x200.png 200w, https:\/\/d26q11cgz8q0ri.cloudfront.net\/2024\/10\/21112401\/CityLab_FotosEquipo-9-400x400.png 400w, https:\/\/d26q11cgz8q0ri.cloudfront.net\/2024\/10\/21112401\/CityLab_FotosEquipo-9.png 500w\" sizes=\"(max-width: 640px) 100vw, 400px\" \/><\/span><\/div><div class=\"fusion-title title fusion-title-8 sep-underline sep-dashed fusion-title-text fusion-title-size-five\" style=\"--awb-margin-top-small:10px;--awb-margin-right-small:0px;--awb-margin-bottom-small:10px;--awb-margin-left-small:0px;--awb-sep-color:var(--awb-color4);--awb-font-size:22px;\"><h5 class=\"fusion-title-heading title-heading-left\" style=\"font-family:&quot;DobraSlab-Book&quot;;font-style:normal;font-weight:400;margin:0;font-size:1em;\"><p><strong>Paula M\u00e9ndez<\/strong><br \/>\n<span style=\"color: #808080; font-size: 18px;\">Graphic Designer<\/span><\/p><\/h5><\/div><div class=\"fusion-text fusion-text-8\"><p>Graphic Designer and Bachelor of Visual Communication from the Universidad del B\u00edo B\u00edo, Concepci\u00f3n. Experienced in creating graphic pieces for various projects and generating visual identities for initiatives and activities.<\/p>\n<\/div><\/div><\/div><div class=\"fusion-layout-column fusion_builder_column fusion-builder-column-9 fusion_builder_column_1_3 1_3 fusion-flex-column fusion-animated\" style=\"--awb-bg-size:cover;--awb-width-large:33.333333333333%;--awb-margin-top-large:0px;--awb-spacing-right-large:5.76%;--awb-margin-bottom-large:20px;--awb-spacing-left-large:5.76%;--awb-width-medium:33.333333333333%;--awb-order-medium:0;--awb-spacing-right-medium:5.76%;--awb-spacing-left-medium:5.76%;--awb-width-small:100%;--awb-order-small:0;--awb-spacing-right-small:1.92%;--awb-spacing-left-small:1.92%;\" data-animationType=\"fadeInUp\" data-animationDuration=\"0.3\" data-animationDelay=\"0.6\" data-animationOffset=\"top-into-view\" data-scroll-devices=\"small-visibility,medium-visibility,large-visibility\"><div class=\"fusion-column-wrapper fusion-column-has-shadow fusion-flex-justify-content-flex-start fusion-content-layout-column\"><div class=\"fusion-image-element \" style=\"--awb-margin-bottom:20px;--awb-max-width:250px;--awb-caption-title-font-family:var(--h2_typography-font-family);--awb-caption-title-font-weight:var(--h2_typography-font-weight);--awb-caption-title-font-style:var(--h2_typography-font-style);--awb-caption-title-size:var(--h2_typography-font-size);--awb-caption-title-transform:var(--h2_typography-text-transform);--awb-caption-title-line-height:var(--h2_typography-line-height);--awb-caption-title-letter-spacing:var(--h2_typography-letter-spacing);\"><span class=\" fusion-imageframe imageframe-none imageframe-10 hover-type-none\"><img decoding=\"async\" width=\"500\" height=\"500\" src=\"https:\/\/d26q11cgz8q0ri.cloudfront.net\/2024\/10\/21112358\/CityLab_FotosEquipo-10.png\" alt class=\"img-responsive wp-image-2161\" srcset=\"https:\/\/d26q11cgz8q0ri.cloudfront.net\/2024\/10\/21112358\/CityLab_FotosEquipo-10-200x200.png 200w, https:\/\/d26q11cgz8q0ri.cloudfront.net\/2024\/10\/21112358\/CityLab_FotosEquipo-10-400x400.png 400w, https:\/\/d26q11cgz8q0ri.cloudfront.net\/2024\/10\/21112358\/CityLab_FotosEquipo-10.png 500w\" sizes=\"(max-width: 640px) 100vw, 400px\" \/><\/span><\/div><div class=\"fusion-title title fusion-title-9 sep-underline sep-dashed fusion-title-text fusion-title-size-five\" style=\"--awb-margin-top-small:10px;--awb-margin-right-small:0px;--awb-margin-bottom-small:10px;--awb-margin-left-small:0px;--awb-sep-color:var(--awb-color4);--awb-font-size:22px;\"><h5 class=\"fusion-title-heading title-heading-left\" style=\"font-family:&quot;DobraSlab-Book&quot;;font-style:normal;font-weight:400;margin:0;font-size:1em;\"><p><strong>Javiera Hern\u00e1ndez<\/strong><br \/>\n<span style=\"color: #808080; font-size: 18px;\">Profesional administrativo y financiero<\/span><\/p><\/h5><\/div><div class=\"fusion-text fusion-text-9\"><p>Public Administrator from the Universidad de Concepci\u00f3n, with a degree in Political Science. Experienced in budget management, accounting, and accountability.<\/p>\n<\/div><\/div><\/div><div class=\"fusion-layout-column fusion_builder_column fusion-builder-column-10 fusion_builder_column_1_3 1_3 fusion-flex-column fusion-animated\" style=\"--awb-bg-size:cover;--awb-width-large:33.333333333333%;--awb-margin-top-large:0px;--awb-spacing-right-large:5.76%;--awb-margin-bottom-large:20px;--awb-spacing-left-large:5.76%;--awb-width-medium:33.333333333333%;--awb-order-medium:0;--awb-spacing-right-medium:5.76%;--awb-spacing-left-medium:5.76%;--awb-width-small:100%;--awb-order-small:0;--awb-spacing-right-small:1.92%;--awb-spacing-left-small:1.92%;\" data-animationType=\"fadeInUp\" data-animationDuration=\"0.3\" data-animationDelay=\"0.1\" data-animationOffset=\"top-into-view\" data-scroll-devices=\"small-visibility,medium-visibility,large-visibility\"><div class=\"fusion-column-wrapper fusion-column-has-shadow fusion-flex-justify-content-flex-start fusion-content-layout-column\"><div class=\"fusion-image-element \" style=\"--awb-margin-bottom:20px;--awb-max-width:250px;--awb-caption-title-font-family:var(--h2_typography-font-family);--awb-caption-title-font-weight:var(--h2_typography-font-weight);--awb-caption-title-font-style:var(--h2_typography-font-style);--awb-caption-title-size:var(--h2_typography-font-size);--awb-caption-title-transform:var(--h2_typography-text-transform);--awb-caption-title-line-height:var(--h2_typography-line-height);--awb-caption-title-letter-spacing:var(--h2_typography-letter-spacing);\"><span class=\" fusion-imageframe imageframe-none imageframe-11 hover-type-none\"><img decoding=\"async\" width=\"500\" height=\"500\" src=\"https:\/\/d26q11cgz8q0ri.cloudfront.net\/2024\/10\/21112354\/CityLab_Valeria-Araya.png\" alt class=\"img-responsive wp-image-2162\" srcset=\"https:\/\/d26q11cgz8q0ri.cloudfront.net\/2024\/10\/21112354\/CityLab_Valeria-Araya-200x200.png 200w, https:\/\/d26q11cgz8q0ri.cloudfront.net\/2024\/10\/21112354\/CityLab_Valeria-Araya-400x400.png 400w, https:\/\/d26q11cgz8q0ri.cloudfront.net\/2024\/10\/21112354\/CityLab_Valeria-Araya.png 500w\" sizes=\"(max-width: 640px) 100vw, 400px\" \/><\/span><\/div><div class=\"fusion-title title fusion-title-10 sep-underline sep-dashed fusion-title-text fusion-title-size-five\" style=\"--awb-margin-top-small:10px;--awb-margin-right-small:0px;--awb-margin-bottom-small:10px;--awb-margin-left-small:0px;--awb-sep-color:var(--awb-color4);--awb-font-size:22px;\"><h5 class=\"fusion-title-heading title-heading-left\" style=\"font-family:&quot;DobraSlab-Book&quot;;font-style:normal;font-weight:400;margin:0;font-size:1em;\"><strong>Valeria Araya<\/strong><br \/>\n<span style=\"color: #808080; font-size: 18px;\">Analista Territorial<\/span><\/h5><\/div><div class=\"fusion-text fusion-text-10\"><p>Geographer from the Pontificia Universidad Cat\u00f3lica de Chile. With experience in research areas with a perspective of disaster risk analysis, older adults, and population aging. Valeria has extensive experience in the development of thematic cartography.<\/p>\n<\/div><\/div><\/div><div class=\"fusion-layout-column fusion_builder_column fusion-builder-column-11 fusion_builder_column_1_3 1_3 fusion-flex-column fusion-animated\" style=\"--awb-bg-size:cover;--awb-width-large:33.333333333333%;--awb-margin-top-large:0px;--awb-spacing-right-large:5.76%;--awb-margin-bottom-large:20px;--awb-spacing-left-large:5.76%;--awb-width-medium:33.333333333333%;--awb-order-medium:0;--awb-spacing-right-medium:5.76%;--awb-spacing-left-medium:5.76%;--awb-width-small:100%;--awb-order-small:0;--awb-spacing-right-small:1.92%;--awb-spacing-left-small:1.92%;\" data-animationType=\"fadeInUp\" data-animationDuration=\"0.3\" data-animationDelay=\"0.3\" data-animationOffset=\"top-into-view\" data-scroll-devices=\"small-visibility,medium-visibility,large-visibility\"><div class=\"fusion-column-wrapper fusion-column-has-shadow fusion-flex-justify-content-flex-start fusion-content-layout-column\"><div class=\"fusion-title title fusion-title-11 sep-underline sep-dashed fusion-title-text fusion-title-size-five\" style=\"--awb-margin-top-small:10px;--awb-margin-right-small:0px;--awb-margin-bottom-small:10px;--awb-margin-left-small:0px;--awb-sep-color:var(--awb-color4);--awb-font-size:22px;\"><h5 class=\"fusion-title-heading title-heading-left\" style=\"font-family:&quot;DobraSlab-Book&quot;;font-style:normal;font-weight:400;margin:0;font-size:1em;\"><strong>Yojans Cid<\/strong><br \/>\n<span style=\"color: #808080; font-size: 18px;\">Profesional Ciencia de Datos<\/span><\/h5><\/div><div class=\"fusion-text fusion-text-11\"><p>Computer Engineer and Master&#8217;s (c) in Information Technologies from the Universidad de Chile. He has an extensive academic background in Computer Science, such as Software Engineering, QA, Data Science, and Artificial Intelligence. His experience allows him to have a critical perspective in the planning, evaluation, and exploitation of IT projects, in both the public and private sectors. His professional orientation is dedicated to technological innovation, highlighting the value and potential of data processing.<\/p>\n<\/div><\/div><\/div><div class=\"fusion-layout-column fusion_builder_column fusion-builder-column-12 fusion_builder_column_1_3 1_3 fusion-flex-column fusion-animated\" style=\"--awb-bg-size:cover;--awb-width-large:33.333333333333%;--awb-margin-top-large:0px;--awb-spacing-right-large:5.76%;--awb-margin-bottom-large:20px;--awb-spacing-left-large:5.76%;--awb-width-medium:33.333333333333%;--awb-order-medium:0;--awb-spacing-right-medium:5.76%;--awb-spacing-left-medium:5.76%;--awb-width-small:100%;--awb-order-small:0;--awb-spacing-right-small:1.92%;--awb-spacing-left-small:1.92%;\" data-animationType=\"fadeInUp\" data-animationDuration=\"0.3\" data-animationDelay=\"0.6\" data-animationOffset=\"top-into-view\" data-scroll-devices=\"small-visibility,medium-visibility,large-visibility\"><div class=\"fusion-column-wrapper fusion-column-has-shadow fusion-flex-justify-content-flex-start fusion-content-layout-column\"><div class=\"fusion-title title fusion-title-12 sep-underline sep-dashed fusion-title-text fusion-title-size-five\" style=\"--awb-margin-top-small:10px;--awb-margin-right-small:0px;--awb-margin-bottom-small:10px;--awb-margin-left-small:0px;--awb-sep-color:var(--awb-color4);--awb-font-size:22px;\"><h5 class=\"fusion-title-heading title-heading-left\" style=\"font-family:&quot;DobraSlab-Book&quot;;font-style:normal;font-weight:400;margin:0;font-size:1em;\"><strong>Carolina Zapata<\/strong><br \/>\n<span style=\"color: #808080; font-size: 18px;\">Profesional Sistemas Geogr\u00e1ficos<\/span><\/h5><\/div><div class=\"fusion-text fusion-text-12\"><p>Ingeniera geom\u00e1tica y licenciada en Ciencias Geom\u00e1ticas de la Universidad de Concepci\u00f3n. Su expertiz en evaluaci\u00f3n satelital y uso extensivo de modelos estad\u00edsticos de estimaci\u00f3n le permiten crear situaciones cartogr\u00e1ficas de gran precisi\u00f3n, integrando datos de inter\u00e9s y perspectivas de an\u00e1lisis para equipos acad\u00e9micos, profesionales y del sector de la innovaci\u00f3n.<\/p>\n<\/div><\/div><\/div><\/div><\/div><div id=\"Board\" class=\"fusion-container-anchor\"><div class=\"fusion-fullwidth fullwidth-box fusion-builder-row-3 fusion-flex-container has-pattern-background has-mask-background nonhundred-percent-fullwidth non-hundred-percent-height-scrolling\" style=\"--awb-border-radius-top-left:0px;--awb-border-radius-top-right:0px;--awb-border-radius-bottom-right:0px;--awb-border-radius-bottom-left:0px;--awb-padding-top:30px;--awb-background-color:var(--awb-color5);--awb-flex-wrap:wrap;\" ><div class=\"fusion-builder-row fusion-row fusion-flex-align-items-flex-start fusion-flex-content-wrap\" style=\"max-width:1248px;margin-left: calc(-4% \/ 2 );margin-right: calc(-4% \/ 2 );\"><div class=\"fusion-layout-column fusion_builder_column fusion-builder-column-13 fusion_builder_column_1_2 1_2 fusion-flex-column fusion-animated\" style=\"--awb-bg-size:cover;--awb-width-large:50%;--awb-margin-top-large:0px;--awb-spacing-right-large:3.84%;--awb-margin-bottom-large:20px;--awb-spacing-left-large:3.84%;--awb-width-medium:50%;--awb-order-medium:0;--awb-spacing-right-medium:3.84%;--awb-spacing-left-medium:3.84%;--awb-width-small:100%;--awb-order-small:0;--awb-spacing-right-small:1.92%;--awb-spacing-left-small:1.92%;\" data-animationType=\"fadeInLeft\" data-animationDuration=\"0.3\" data-animationOffset=\"top-into-view\" data-scroll-devices=\"small-visibility,medium-visibility,large-visibility\"><div class=\"fusion-column-wrapper fusion-column-has-shadow fusion-flex-justify-content-flex-start fusion-content-layout-column\"><div class=\"fusion-title title fusion-title-13 sep-underline sep-dashed fusion-title-text fusion-title-size-three\" style=\"--awb-margin-top-small:10px;--awb-margin-right-small:0px;--awb-margin-bottom-small:10px;--awb-margin-left-small:0px;--awb-sep-color:var(--awb-color4);\"><h3 class=\"fusion-title-heading title-heading-left\" style=\"font-family:&quot;DobraSlab-Book&quot;;font-style:normal;font-weight:400;margin:0;\">The Board of Directors<\/h3><\/div><div class=\"fusion-separator fusion-full-width-sep\" style=\"align-self: center;margin-left: auto;margin-right: auto;margin-top:30px;width:100%;\"><\/div><div class=\"fusion-text fusion-text-13\"><p><strong>Bernardo Suazo<\/strong>, Representative of the C\u00e1mara Chilena de la Construcci\u00f3n<\/p>\n<div class=\"fusion-separator fusion-full-width-sep\" style=\"align-self: center;margin-left: auto;margin-right: auto;margin-top:5px;margin-bottom:5px;width:100%;\"><div class=\"fusion-separator-border sep-single sep-dotted\" style=\"--awb-height:20px;--awb-amount:20px;--awb-sep-color:var(--awb-color1);border-color:var(--awb-color1);border-top-width:1px;\"><\/div><\/div>\n<p><strong>Raimundo Cruzat<\/strong>, Representative of the C\u00e1mara Chilena de la Construcci\u00f3n<\/p>\n<div class=\"fusion-separator fusion-full-width-sep\" style=\"align-self: center;margin-left: auto;margin-right: auto;margin-top:5px;margin-bottom:5px;width:100%;\"><div class=\"fusion-separator-border sep-single sep-dotted\" style=\"--awb-height:20px;--awb-amount:20px;--awb-sep-color:var(--awb-color1);border-color:var(--awb-color1);border-top-width:1px;\"><\/div><\/div>\n<p><strong>Mart\u00edn Andrade,<\/strong> Representative of Corporaci\u00f3n Ciudades.<\/p>\n<div class=\"fusion-separator fusion-full-width-sep\" style=\"align-self: center;margin-left: auto;margin-right: auto;margin-top:5px;margin-bottom:5px;width:100%;\"><div class=\"fusion-separator-border sep-single sep-dotted\" style=\"--awb-height:20px;--awb-amount:20px;--awb-sep-color:var(--awb-color1);border-color:var(--awb-color1);border-top-width:1px;\"><\/div><\/div>\n<p><strong>Sergio Jara,<\/strong> Representative of the Gobierno Regional del Biob\u00edo.<\/p>\n<div class=\"fusion-separator fusion-full-width-sep\" style=\"align-self: center;margin-left: auto;margin-right: auto;margin-top:5px;margin-bottom:5px;width:100%;\"><div class=\"fusion-separator-border sep-single sep-dotted\" style=\"--awb-height:20px;--awb-amount:20px;--awb-sep-color:var(--awb-color1);border-color:var(--awb-color1);border-top-width:1px;\"><\/div><\/div>\n<p>Juli\u00e1n Corbett, Representative of the Gobierno Regional del Biob\u00edo.<\/p>\n<div class=\"fusion-separator fusion-full-width-sep\" style=\"align-self: center;margin-left: auto;margin-right: auto;margin-top:5px;margin-bottom:5px;width:100%;\"><div class=\"fusion-separator-border sep-single sep-dotted\" style=\"--awb-height:20px;--awb-amount:20px;--awb-sep-color:var(--awb-color1);border-color:var(--awb-color1);border-top-width:1px;\"><\/div><\/div>\n<p><strong> Claudia Toledo Alarc\u00f3n, <\/strong>, Representative of the Ministry of Vivienda y Urbanismo Biob\u00edo.<\/p>\n<div class=\"fusion-separator fusion-full-width-sep\" style=\"align-self: center;margin-left: auto;margin-right: auto;margin-top:5px;margin-bottom:5px;width:100%;\"><div class=\"fusion-separator-border sep-single sep-dotted\" style=\"--awb-height:20px;--awb-amount:20px;--awb-sep-color:var(--awb-color1);border-color:var(--awb-color1);border-top-width:1px;\"><\/div><\/div>\n<p><strong>Ana Araneda, <\/strong>en representaci\u00f3n del Consejo Regional del Biob\u00edo.<\/p>\n<div class=\"fusion-separator fusion-full-width-sep\" style=\"align-self: center;margin-left: auto;margin-right: auto;margin-top:5px;margin-bottom:5px;width:100%;\"><div class=\"fusion-separator-border sep-single sep-dotted\" style=\"--awb-height:20px;--awb-amount:20px;--awb-sep-color:var(--awb-color1);border-color:var(--awb-color1);border-top-width:1px;\"><\/div><\/div>\n<\/div><\/div><\/div><\/div><\/div><\/div><\/p>\n","protected":false},"excerpt":{"rendered":"","protected":false},"author":3,"featured_media":2105,"parent":0,"menu_order":0,"comment_status":"closed","ping_status":"closed","template":"100-width.php","meta":{"footnotes":""},"class_list":["post-2317","page","type-page","status-publish","has-post-thumbnail","hentry"],"yoast_head":"<!-- This site is optimized with the Yoast SEO plugin v27.3 - https:\/\/yoast.com\/product\/yoast-seo-wordpress\/ -->\n<title>New team - City Lab Biob\u00edo - evolucionamos la ciudad<\/title>\n<meta name=\"robots\" content=\"index, follow, max-snippet:-1, max-image-preview:large, max-video-preview:-1\" \/>\n<link rel=\"canonical\" href=\"https:\/\/citylabbiobio.cl\/en\/new-team\/\" \/>\n<meta property=\"og:locale\" content=\"en_US\" \/>\n<meta property=\"og:type\" content=\"article\" \/>\n<meta property=\"og:title\" content=\"New team - City Lab Biob\u00edo - evolucionamos la ciudad\" \/>\n<meta property=\"og:url\" content=\"https:\/\/citylabbiobio.cl\/en\/new-team\/\" \/>\n<meta property=\"og:site_name\" content=\"City Lab Biob\u00edo - evolucionamos la ciudad\" \/>\n<meta property=\"article:modified_time\" content=\"2025-02-04T14:40:58+00:00\" \/>\n<meta property=\"og:image\" content=\"https:\/\/citylabbiobio.cl\/wp-content\/uploads\/2024\/09\/equipo.jpg\" \/>\n\t<meta property=\"og:image:width\" content=\"2048\" \/>\n\t<meta property=\"og:image:height\" content=\"1365\" \/>\n\t<meta property=\"og:image:type\" content=\"image\/jpeg\" \/>\n<meta name=\"twitter:card\" content=\"summary_large_image\" \/>\n<meta name=\"twitter:label1\" content=\"Est. reading time\" \/>\n\t<meta name=\"twitter:data1\" content=\"81 minutes\" \/>\n<script type=\"application\/ld+json\" class=\"yoast-schema-graph\">{\"@context\":\"https:\\\/\\\/schema.org\",\"@graph\":[{\"@type\":\"WebPage\",\"@id\":\"https:\\\/\\\/citylabbiobio.cl\\\/en\\\/new-team\\\/\",\"url\":\"https:\\\/\\\/citylabbiobio.cl\\\/en\\\/new-team\\\/\",\"name\":\"New team - City Lab Biob\u00edo - evolucionamos la ciudad\",\"isPartOf\":{\"@id\":\"https:\\\/\\\/citylabbiobio.cl\\\/#website\"},\"primaryImageOfPage\":{\"@id\":\"https:\\\/\\\/citylabbiobio.cl\\\/en\\\/new-team\\\/#primaryimage\"},\"image\":{\"@id\":\"https:\\\/\\\/citylabbiobio.cl\\\/en\\\/new-team\\\/#primaryimage\"},\"thumbnailUrl\":\"https:\\\/\\\/d26q11cgz8q0ri.cloudfront.net\\\/2024\\\/09\\\/21113207\\\/equipo.jpg\",\"datePublished\":\"2024-10-01T14:42:01+00:00\",\"dateModified\":\"2025-02-04T14:40:58+00:00\",\"breadcrumb\":{\"@id\":\"https:\\\/\\\/citylabbiobio.cl\\\/en\\\/new-team\\\/#breadcrumb\"},\"inLanguage\":\"en-US\",\"potentialAction\":[{\"@type\":\"ReadAction\",\"target\":[\"https:\\\/\\\/citylabbiobio.cl\\\/en\\\/new-team\\\/\"]}]},{\"@type\":\"ImageObject\",\"inLanguage\":\"en-US\",\"@id\":\"https:\\\/\\\/citylabbiobio.cl\\\/en\\\/new-team\\\/#primaryimage\",\"url\":\"https:\\\/\\\/d26q11cgz8q0ri.cloudfront.net\\\/2024\\\/09\\\/21113207\\\/equipo.jpg\",\"contentUrl\":\"https:\\\/\\\/d26q11cgz8q0ri.cloudfront.net\\\/2024\\\/09\\\/21113207\\\/equipo.jpg\",\"width\":2048,\"height\":1365},{\"@type\":\"BreadcrumbList\",\"@id\":\"https:\\\/\\\/citylabbiobio.cl\\\/en\\\/new-team\\\/#breadcrumb\",\"itemListElement\":[{\"@type\":\"ListItem\",\"position\":1,\"name\":\"Portada\",\"item\":\"https:\\\/\\\/citylabbiobio.cl\\\/en\\\/\"},{\"@type\":\"ListItem\",\"position\":2,\"name\":\"New team\"}]},{\"@type\":\"WebSite\",\"@id\":\"https:\\\/\\\/citylabbiobio.cl\\\/#website\",\"url\":\"https:\\\/\\\/citylabbiobio.cl\\\/\",\"name\":\"City Lab B\u00edo B\u00edo\",\"description\":\"Evolucionamos la ciudad\",\"publisher\":{\"@id\":\"https:\\\/\\\/citylabbiobio.cl\\\/#organization\"},\"alternateName\":\"Laboratorio de ciudad\",\"potentialAction\":[{\"@type\":\"SearchAction\",\"target\":{\"@type\":\"EntryPoint\",\"urlTemplate\":\"https:\\\/\\\/citylabbiobio.cl\\\/?s={search_term_string}\"},\"query-input\":{\"@type\":\"PropertyValueSpecification\",\"valueRequired\":true,\"valueName\":\"search_term_string\"}}],\"inLanguage\":\"en-US\"},{\"@type\":\"Organization\",\"@id\":\"https:\\\/\\\/citylabbiobio.cl\\\/#organization\",\"name\":\"City Lab B\u00edo B\u00edo\",\"alternateName\":\"Laboratorio de Ciudad Biob\u00edo\",\"url\":\"https:\\\/\\\/citylabbiobio.cl\\\/\",\"logo\":{\"@type\":\"ImageObject\",\"inLanguage\":\"en-US\",\"@id\":\"https:\\\/\\\/citylabbiobio.cl\\\/#\\\/schema\\\/logo\\\/image\\\/\",\"url\":\"https:\\\/\\\/citylabbiobio.cl\\\/wp-content\\\/uploads\\\/2023\\\/05\\\/logo-cl-mit.png\",\"contentUrl\":\"https:\\\/\\\/citylabbiobio.cl\\\/wp-content\\\/uploads\\\/2023\\\/05\\\/logo-cl-mit.png\",\"width\":290,\"height\":83,\"caption\":\"City Lab B\u00edo B\u00edo\"},\"image\":{\"@id\":\"https:\\\/\\\/citylabbiobio.cl\\\/#\\\/schema\\\/logo\\\/image\\\/\"},\"sameAs\":[\"https:\\\/\\\/www.youtube.com\\\/@CityLabBiobio\",\"https:\\\/\\\/www.linkedin.com\\\/company\\\/citylabbiobio\\\/?originalSubdomain=cl\",\"https:\\\/\\\/www.instagram.com\\\/citylabbiobio\\\/\"]}]}<\/script>\n<!-- \/ Yoast SEO plugin. -->","yoast_head_json":{"title":"New team - City Lab Biob\u00edo - evolucionamos la ciudad","robots":{"index":"index","follow":"follow","max-snippet":"max-snippet:-1","max-image-preview":"max-image-preview:large","max-video-preview":"max-video-preview:-1"},"canonical":"https:\/\/citylabbiobio.cl\/en\/new-team\/","og_locale":"en_US","og_type":"article","og_title":"New team - City Lab Biob\u00edo - evolucionamos la ciudad","og_url":"https:\/\/citylabbiobio.cl\/en\/new-team\/","og_site_name":"City Lab Biob\u00edo - evolucionamos la ciudad","article_modified_time":"2025-02-04T14:40:58+00:00","og_image":[{"width":2048,"height":1365,"url":"https:\/\/citylabbiobio.cl\/wp-content\/uploads\/2024\/09\/equipo.jpg","type":"image\/jpeg"}],"twitter_card":"summary_large_image","twitter_misc":{"Est. reading time":"81 minutes"},"schema":{"@context":"https:\/\/schema.org","@graph":[{"@type":"WebPage","@id":"https:\/\/citylabbiobio.cl\/en\/new-team\/","url":"https:\/\/citylabbiobio.cl\/en\/new-team\/","name":"New team - City Lab Biob\u00edo - evolucionamos la ciudad","isPartOf":{"@id":"https:\/\/citylabbiobio.cl\/#website"},"primaryImageOfPage":{"@id":"https:\/\/citylabbiobio.cl\/en\/new-team\/#primaryimage"},"image":{"@id":"https:\/\/citylabbiobio.cl\/en\/new-team\/#primaryimage"},"thumbnailUrl":"https:\/\/d26q11cgz8q0ri.cloudfront.net\/2024\/09\/21113207\/equipo.jpg","datePublished":"2024-10-01T14:42:01+00:00","dateModified":"2025-02-04T14:40:58+00:00","breadcrumb":{"@id":"https:\/\/citylabbiobio.cl\/en\/new-team\/#breadcrumb"},"inLanguage":"en-US","potentialAction":[{"@type":"ReadAction","target":["https:\/\/citylabbiobio.cl\/en\/new-team\/"]}]},{"@type":"ImageObject","inLanguage":"en-US","@id":"https:\/\/citylabbiobio.cl\/en\/new-team\/#primaryimage","url":"https:\/\/d26q11cgz8q0ri.cloudfront.net\/2024\/09\/21113207\/equipo.jpg","contentUrl":"https:\/\/d26q11cgz8q0ri.cloudfront.net\/2024\/09\/21113207\/equipo.jpg","width":2048,"height":1365},{"@type":"BreadcrumbList","@id":"https:\/\/citylabbiobio.cl\/en\/new-team\/#breadcrumb","itemListElement":[{"@type":"ListItem","position":1,"name":"Portada","item":"https:\/\/citylabbiobio.cl\/en\/"},{"@type":"ListItem","position":2,"name":"New team"}]},{"@type":"WebSite","@id":"https:\/\/citylabbiobio.cl\/#website","url":"https:\/\/citylabbiobio.cl\/","name":"City Lab B\u00edo B\u00edo","description":"Evolucionamos la ciudad","publisher":{"@id":"https:\/\/citylabbiobio.cl\/#organization"},"alternateName":"Laboratorio de ciudad","potentialAction":[{"@type":"SearchAction","target":{"@type":"EntryPoint","urlTemplate":"https:\/\/citylabbiobio.cl\/?s={search_term_string}"},"query-input":{"@type":"PropertyValueSpecification","valueRequired":true,"valueName":"search_term_string"}}],"inLanguage":"en-US"},{"@type":"Organization","@id":"https:\/\/citylabbiobio.cl\/#organization","name":"City Lab B\u00edo B\u00edo","alternateName":"Laboratorio de Ciudad Biob\u00edo","url":"https:\/\/citylabbiobio.cl\/","logo":{"@type":"ImageObject","inLanguage":"en-US","@id":"https:\/\/citylabbiobio.cl\/#\/schema\/logo\/image\/","url":"https:\/\/citylabbiobio.cl\/wp-content\/uploads\/2023\/05\/logo-cl-mit.png","contentUrl":"https:\/\/citylabbiobio.cl\/wp-content\/uploads\/2023\/05\/logo-cl-mit.png","width":290,"height":83,"caption":"City Lab B\u00edo B\u00edo"},"image":{"@id":"https:\/\/citylabbiobio.cl\/#\/schema\/logo\/image\/"},"sameAs":["https:\/\/www.youtube.com\/@CityLabBiobio","https:\/\/www.linkedin.com\/company\/citylabbiobio\/?originalSubdomain=cl","https:\/\/www.instagram.com\/citylabbiobio\/"]}]}},"_links":{"self":[{"href":"https:\/\/citylabbiobio.cl\/en\/wp-json\/wp\/v2\/pages\/2317","targetHints":{"allow":["GET"]}}],"collection":[{"href":"https:\/\/citylabbiobio.cl\/en\/wp-json\/wp\/v2\/pages"}],"about":[{"href":"https:\/\/citylabbiobio.cl\/en\/wp-json\/wp\/v2\/types\/page"}],"author":[{"embeddable":true,"href":"https:\/\/citylabbiobio.cl\/en\/wp-json\/wp\/v2\/users\/3"}],"replies":[{"embeddable":true,"href":"https:\/\/citylabbiobio.cl\/en\/wp-json\/wp\/v2\/comments?post=2317"}],"version-history":[{"count":8,"href":"https:\/\/citylabbiobio.cl\/en\/wp-json\/wp\/v2\/pages\/2317\/revisions"}],"predecessor-version":[{"id":2325,"href":"https:\/\/citylabbiobio.cl\/en\/wp-json\/wp\/v2\/pages\/2317\/revisions\/2325"}],"wp:featuredmedia":[{"embeddable":true,"href":"https:\/\/citylabbiobio.cl\/en\/wp-json\/wp\/v2\/media\/2105"}],"wp:attachment":[{"href":"https:\/\/citylabbiobio.cl\/en\/wp-json\/wp\/v2\/media?parent=2317"}],"curies":[{"name":"wp","href":"https:\/\/api.w.org\/{rel}","templated":true}]}}